{"id":75,"date":"2025-11-12T18:47:47","date_gmt":"2025-11-12T18:47:47","guid":{"rendered":"https:\/\/romainbrunet.com\/?page_id=75"},"modified":"2025-12-31T11:40:24","modified_gmt":"2025-12-31T11:40:24","slug":"vercors-les-hauts-plateaux","status":"publish","type":"page","link":"https:\/\/romainbrunet.com\/index.php\/vercors-les-hauts-plateaux\/","title":{"rendered":"Vercors &#8211; les hauts plateaux"},"content":{"rendered":"\n<p><br><strong>Travers\u00e9e des Hauts Plateaux du Vercors \u2013 Itin\u00e9rance tente ou refuge<\/strong><\/p>\n\n\n\n<p>Les Hauts Plateaux du Vercors, c\u2019est la plus grande r\u00e9serve naturelle de France m\u00e9tropolitaine. C\u2019est la rencontre des pins, de l\u2019herbe ondoyante et du calcaire, qui s\u2019\u00e9tire sous nos yeux en une immensit\u00e9 apaisante. Ici le sentier est rare, l\u2019eau est pr\u00e9cieuse, et le visiteur est vite absorb\u00e9 par le paysage. Le sentiment de calme et de solitude est alors complet, seulement troubl\u00e9 par le sifflement aigu d\u2019une marmotte aux aguets, ou par l\u2019ombre dessin\u00e9e au sol d\u2019un vautour de passage. Venir ici, c\u2019est entrer dans un lieu o\u00f9 la Nature devient spirituelle, c\u2019est venir se perdre en elle pour mieux se retrouver. Allez-vous tenter l\u2019exp\u00e9rience\u00a0?<\/p>\n\n\n\n<p>Dates possibles mai \u00e0 octobre \u2013 S\u00e9jour de 2 \u00e0 6 jours<\/p>\n\n\n\n<p><\/p>\n\n\n\n<p><strong>Week-end raquettes dans le Vercors \u2013 En g\u00eete<\/strong><\/p>\n\n\n\n<p>Retour dans le Vercors, cette fois par\u00e9 de son manteau hivernal. Le terrain de jeu est immense et les possibilit\u00e9s de randonn\u00e9es vari\u00e9es. Nous nous installerons dans un g\u00eete confortable \u00e0 Vassieux-en-Vercors, haut lieu de la R\u00e9sistance et partirons chaque jour pour d\u00e9couvrir de nouveaux paysages, entre for\u00eats de h\u00eatres et de sapins, plateaux rocheux d\u00e9bouchant sur de superbes points de vue et grottes cach\u00e9es.<\/p>\n\n\n\n<p>Dates possibles mars 2025 \u2013 S\u00e9jour de 2 \u00e0 4 jours<\/p>\n","protected":false},"excerpt":{"rendered":"<p>Travers\u00e9e des Hauts Plateaux du Vercors \u2013 Itin\u00e9rance tente ou refuge Les Hauts Plateaux du&hellip;<\/p>\n","protected":false},"author":1,"featured_media":0,"parent":0,"menu_order":0,"comment_status":"closed","ping_status":"closed","template":"","meta":{"footnotes":""},"class_list":["post-75","page","type-page","status-publish","hentry"],"_links":{"self":[{"href":"https:\/\/romainbrunet.com\/index.php\/wp-json\/wp\/v2\/pages\/75","targetHints":{"allow":["GET"]}}],"collection":[{"href":"https:\/\/romainbrunet.com\/index.php\/wp-json\/wp\/v2\/pages"}],"about":[{"href":"https:\/\/romainbrunet.com\/index.php\/wp-json\/wp\/v2\/types\/page"}],"author":[{"embeddable":true,"href":"https:\/\/romainbrunet.com\/index.php\/wp-json\/wp\/v2\/users\/1"}],"replies":[{"embeddable":true,"href":"https:\/\/romainbrunet.com\/index.php\/wp-json\/wp\/v2\/comments?post=75"}],"version-history":[{"count":3,"href":"https:\/\/romainbrunet.com\/index.php\/wp-json\/wp\/v2\/pages\/75\/revisions"}],"predecessor-version":[{"id":227,"href":"https:\/\/romainbrunet.com\/index.php\/wp-json\/wp\/v2\/pages\/75\/revisions\/227"}],"wp:attachment":[{"href":"https:\/\/romainbrunet.com\/index.php\/wp-json\/wp\/v2\/media?parent=75"}],"curies":[{"name":"wp","href":"https:\/\/api.w.org\/{rel}","templated":true}]}}